{"id":2009,"date":"2017-03-08T13:45:41","date_gmt":"2017-03-08T13:45:41","guid":{"rendered":"http:\/\/test.kriesi.at\/enfold-minimal-photography\/?page_id=2009"},"modified":"2021-11-17T16:19:58","modified_gmt":"2021-11-17T15:19:58","slug":"rassegna-stampa","status":"publish","type":"page","link":"https:\/\/www.eugenioamadori.it\/index.php\/rassegna-stampa\/","title":{"rendered":"Rassegna Stampa"},"content":{"rendered":"\n<style type=\"text\/css\" data-created_by=\"avia_inline_auto\" id=\"style-css-av-kw0so8i4-9b2035a1a0435f0058d7aa0489bacb10\">\n#top .hr.av-kw0so8i4-9b2035a1a0435f0058d7aa0489bacb10{\nmargin-top:30px;\nmargin-bottom:30px;\n}\n.hr.av-kw0so8i4-9b2035a1a0435f0058d7aa0489bacb10 .hr-inner{\nwidth:50px;\nborder-color:#000000;\n}\n<\/style>\n<div  class='hr av-kw0so8i4-9b2035a1a0435f0058d7aa0489bacb10 hr-custom  avia-builder-el-0  el_before_av_image  avia-builder-el-first  hr-center hr-icon-no '><span class='hr-inner inner-border-av-border-thin'><span class=\"hr-inner-style\"><\/span><\/span><\/div>\n<section class=\"av_textblock_section \"  itemscope=\"itemscope\" itemtype=\"https:\/\/schema.org\/CreativeWork\" ><div class='avia_textblock  '   itemprop=\"text\" ><div id=\"imPage\">\n<div id=\"imContent\">\n<div>\n<div id=\"imCell_3\" class=\"imGrid[2, 2]\">\n<div id=\"imCellStyle_3\">\n<div id=\"imTextObject_3\">\n<p><span class=\"ff1 cf0 fs24\"><b><i><...passa con la costante appassionata di una vivacit\u00e0 che sembra non conoscere pause.....gli \u00e8 facile raccogliere il tratto fisionomico e l'improvvisare di un gesto, come assorbire una luce o dare commento pittorico agli oggetti di un ambiente>.<\/i><\/b><\/span><span class=\"fs18 ff2 cf0\"><br \/>\n<\/span><span class=\"fs28 ff1 cf0\"><b><i><br \/>\n<\/i><\/b><i>Luciano Bertacchini:<\/i><\/span><span class=\"fs24 ff1 cf0\"> <b> \u00a0<\/b><\/span><span class=\"fs28 ff1 cf0\"><i>Gazzettino dell&#8217;Emilia e Romagna, R.A.I. Bologna 18 febbraio 1958<\/i><\/span><span class=\"fs18 ff2 cf0\"><\/p>\n<p><\/span><span class=\"fs24 ff1 cf0\"><b><i><....lavoro che dimostra principalmente la franca disposizione di Amadori e le sue qualit\u00e0 di abile e garbato interprete della natura...><\/i><\/b><\/span><span class=\"fs18 ff2 cf0\"><br \/>\n<\/span><span class=\"fs24 ff1 cf0\"><b><br \/>\n<\/b><\/span><span class=\"fs28 ff1 cf0\"><i>Duilio Curir<\/i>: \u00a0<i>Il Resto del Carlino, Bologna 25 febbraio 1958<\/i><\/span><span class=\"fs18 ff2 cf0\"><\/p>\n<p><\/span><span class=\"fs24 ff1 cf0\"><b><i>>&#8230;.riesce a cogliere non soltanto tratti fisionomici, ma infonde nell&#8217;opera il caratteristico aspetto del personaggio con istintiva abilit\u00e0 e seriet\u00e0 d&#8217;intento. L&#8217;Amadori ama unire alla pittura anche la musica, innata passione da cui trae la sensibilit\u00e0 e la forza necessaria per concepire e realizzare il dipinto in tutta la sua fase evolutiva. Musica e pittura rappresentano pertanto un indissolubile aspetto della personalit\u00e0 del valente pittore romagnolo&#8230;><\/i><\/b><\/span><span class=\"fs18 ff2 cf0\"><br \/>\n<\/span><span class=\"fs24 ff1 cf0\"><b><br \/>\n<\/b><\/span><span class=\"fs28 ff1 cf0\"><i>Elio Jacchia: <b> <\/b>Momento Sera, Faenza 11 giugno 1960<\/i><\/span><span class=\"fs18 ff2 cf0\"><\/p>\n<p><\/span><span class=\"fs24 ff1 cf0\"><b><i>>&#8230;.le tele di Amadori possono piacere ai gusti raffinati come ai semplici; dove primeggia questo artista \u00e8 l\u00e0 quando si ferma a cogliere l&#8217;espressione di un volto umano: imprime al soggetto una animazione che crea comunicativa&#8230;.><\/i><\/b><\/span><span class=\"fs18 ff2 cf0\"><br \/>\n<\/span><span class=\"fs28 ff1 cf0\"><i><br \/>\nEmma Placci: Il Resto del Carlino, Faenza 12 giugno 1960<\/i><\/span><span class=\"fs18 ff2 cf0\"><\/p>\n<p><\/span><span class=\"fs24 ff1 cf0\"><b><i><...in tutte le sue opere si trova vigore e calda ispirazione...>.<\/i><\/b><\/span><span class=\"fs18 ff2 cf0\"><br \/>\n<\/span><span class=\"fs24 ff1 cf0\"><b><br \/>\n<\/b><\/span><span class=\"fs28 ff1 cf0\"><i>Giorgio Ruggeri:<\/i><\/span><b> <\/b><span class=\"fs28 ff1 cf0\"><i>Il Resto del Carlino, Bologna 30 gennaio 1962<\/i><\/span><span class=\"fs18 ff2 cf0\"><\/p>\n<p><\/span><span class=\"fs24 ff1 cf0\"><b><i><...Musicista e pittore. E' quanto ci basta sapere, perch\u00e9 non possiamo disgiungere questi due aspetti della sua personalit\u00e0. Egli trascorre l'operosa giornata fra le alterne passioni che, integrandosi in concorde unione ordinatrice e suscitatrice di ritmi, fanno s\u00ec che la esterna realt\u00e0 assuma in Lui preciso individuale valore in accordi di linee e di suoni....\n...Per il ritratto possiede una particolare penetrazione poich\u00e8 non coglie soltanto i tratti fisionomici ma riesce a infondere nell'opera il segno dell'interiorit\u00e0>.<\/i><\/b><\/span><span class=\"fs18 ff2 cf0\"><br \/>\n<\/span><span class=\"fs28 ff1 cf0\"><i><br \/>\nFerdinando Silva: Dalla presentazione Mostra di Faenza 14 febbraio 1962<\/i><\/span><span class=\"fs18 ff2 cf0\"><\/p>\n<p><\/span><span class=\"fs24 ff1 cf0\"><b><i><....esprime un pensiero profondo ed una spiccata sensibilit\u00e0, mediante una tecnica che si avvale di una tavolozza dai colori tenui che infondono nell'animo del visitatore un senso di tranquilla quiete e di pacata serenit\u00e0.<\/i><\/b><\/span><span class=\"fs18 ff2 cf0\"><br \/>\n<\/span><span class=\"fs28 ff1 cf0\"><i><br \/>\nL Bazzocchi:<\/i><\/span><b> <\/b><span class=\"fs28 ff1 cf0\"><i>Il Resto del Carlino, Cesena 31 agosto 1962<\/i><\/span><span class=\"fs18 ff2 cf0\"><\/p>\n<p><\/span><span class=\"fs24 ff1 cf0\"><b><i><....\u00e8 poeta, e sente intensamente il soggetto; afferra l'immagine e si affretta a fissarla sulla tela con le espressioni del colore ed il segno rapido del suo pennello; linee che in taluni casi possono sembrare a prima vista confuse, ma che si rivelano poi ad un pi\u00f9 attento sguardo sapientemente costruttive, talmente da fare apparire il soggetto chiaramente leggibile...><\/i><\/b><\/span><span class=\"fs18 ff2 cf0\"><br \/>\n<\/span><span class=\"fs28 ff1 cf0\"><i><br \/>\nAmilcare De Giovanni<\/i><\/span><span class=\"fs24 ff1 cf0\"><b>: <\/b><\/span><span class=\"fs28 ff1 cf0\"><i>La Voce, Cesena 9 settembre 1962<\/i><\/span><span class=\"fs18 ff2 cf0\"><\/p>\n<p><\/span><span class=\"fs24 ff1 cf0\"><b><i>>&#8230;Le tele, pi\u00f9 o meno a grosse trame, lasciano spesso trasparire la loro primitiva forma, che cos\u00ec serve a rendere particolari atmosfere e singolari aspetti del mondo naturale, da cui il pittore trae i suoi soggetti, con effetti di pregevole invenzione&#8230;.. Nelle fisionomie che si colgono nei ritratti o nei nudi, l&#8217;Amadori \u00e8 studioso e discreto assieme, non trascende i limiti cerca di rendere pi\u00f9 gradevole in tono, un ambiente, un suono; perch\u00e8 occorre sottolinearlo, nelle opere dell&#8217;artista cesenate, si pu\u00f2 rilevare proprio un profondo strato di musicalit\u00e0&#8230;.>.<\/i><\/b><\/span><span class=\"fs18 ff2 cf0\"><br \/>\n<\/span><span class=\"fs28 ff1 cf0\"><i><br \/>\nPietro Gonelli: Il Resto del Carlino, Pesaro 25 ottobre 1962<\/i><\/span><span class=\"fs18 ff2 cf0\"><br \/>\n<\/span><span class=\"fs24 ff1 cf0\"><b><i><br \/>\n<...lo diciamo apertamente, Amadori \u00e8 un'autentico pittore, la sua pennellata \u00e8 larga, fluida, sonora. Vi si vede e vi si sente, si direbbe, il musicista, quale egli \u00e8. Sugli accordi opalini, azzurrini, grigio-<wbr \/>dorati, sulle tonalit\u00e0 bigie lievemente velate di zolfo, squillano e trillano i gialli cadmio vermiglione. Ne escono opere squisitamente musicali, dalle quali balzano le &#8220;figure&#8221; i ritratti pittorici, nudi, paesaggi vasti, vedute dall&#8217;altro, interni come suscitati, sollecitati da profondi accordi di contrapasso. Cose bellissime, leggibilissime&#8230;><\/i><\/b><\/span><span class=\"fs18 ff2 cf0\"><br \/>\n<\/span><span class=\"fs28 ff1 cf0\"><i><br \/>\nLuigi Pasquini: Il Resto del Carlino e l&#8217;Avvenire d&#8217;Italia, Rimini 24 novembre 1962<\/i><\/span><span class=\"fs18 ff2 cf0\"><\/p>\n<p><\/span><span class=\"fs24 ff1 cf0\"><b><i><...Appare chiaramente la validit\u00e0 del fattore interpretativo che si distende in toni prevalentemente elegiaci...esprimono in un linguaggio pittorico personale l'anima di chi sa comprendere la natura cogliendone gli aspetti pi\u00f9 riposti e suggestivi...nel ritratto esprime un'intensa ricerca psicologica efficacemente resa.\nLa cosa che preferiamo osservare in Amadori \u00e8 la seriet\u00e0 d'intenti con cui il pittore si avvicina alla sua arte senza falsi scopi per la necessit\u00e0 di esprimere ci\u00f2 che pensa con un impulso immediato e slancio al di fuori di ogni retorica esteriorit\u00e0>.<\/i><\/b><\/span><span class=\"fs18 ff2 cf0\"><br \/>\n<\/span><span class=\"fs28 ff1 cf0\"><i><br \/>\nRaffaele Turci: Il Resto del Carlino, Forl\u00ec 10 gennaio 1963<\/i><\/span><span class=\"fs18 ff2 cf0\"><\/p>\n<p><\/span><span class=\"fs24 ff1 cf0\"><b><i>I ritratti, parte essenziale dell&#8217;arte di Amadori, colpiscono per la esattezza con cui vengono individuati i caratteri per una comune capacit\u00e0 di introspezione psicologica, nel tratto elegante del disegno e nella coerente aderenza al personaggio, creando atmosfere ricche di significati e di allusioni, caratterizzanti in modo inconfondibile il soggetto.<br \/>\nAnche in questi casi il suo pennello non \u00e8 alla ricerca di una maniera immutabile, ma si piega alle esigenze della persona rappresentata, ora esprimendosi con forza, ora immergendo tutto in lievi atmosfere.<br \/>\nper queste qualit\u00e0, l&#8217;Amadori, \u00e8 ritenuto uno dei migliori ritrattisti bolognesi. Ed oggi che l&#8217;arte del ritratto \u00e8 curata da pochi artisti per le difficolt\u00e0 che comporta, \u00e8 cosa davvero degna di nota.<\/i><\/b><\/span><span class=\"fs18 ff2 cf0\"><br \/>\n<\/span><span class=\"fs28 ff1 cf0\"><i><br \/>\nArrigo Grazia: Dalla presentazione mostra di Napoli, dicembre 1963<\/i><\/span><span class=\"fs18 ff2 cf0\"><\/p>\n<p><\/span><span class=\"fs24 ff1 cf0\"><b><i><....Afferma la sua personalit\u00e0 prestando alla sua figurativit\u00e0 di stretta osservanza, un suo proprio risalto, accentuando una decisione coloristica di ferma sobriet\u00e0, appoggiata sulle terre e sui grigi, o trattando le figure secondo un assetto crepuscolare ed espressionistico....><\/i><\/b><\/span><span class=\"fs18 ff2 cf0\"><br \/>\n<\/span><span class=\"fs28 ff1 cf0\"><i><br \/>\nCarlo Barbieri: Il Mattino, Napoli 2 gennaio 1964<\/i><\/span><span class=\"fs18 ff2 cf0\"><br \/>\n<\/span><span class=\"fs24 ff1 cf0\"><b><i><br \/>\n<...Uno spirito moderno con una viva chiara figurativa, che attinge ispirazione alla natura; in questa sintesi \u00e8 la personalit\u00e0 dell'artista, che conosce i confini della propria coscienza pittorica e da questa \u00e8 continuamente orientato e guidato.... \u00c8 nella vita di ogni giorno un temperamento riflessivo ed intelligente, anche nella sua pittura, che egli porta questa qualit\u00e0 studiando psicologicamente le sue creazioni in un abbandono cosciente alla sua visione interiore. Nascono cos\u00ec i suoi ritratti con figure ben caratterizzate ed i suoi paesaggi animati e vivi, specialmente quelle che ritraggono, con leggeri tocchi di pennello, la terra emiliana in visione di colore vario che raccontano giornate splendide di sopra o grigie di nebbia, la cui natura dolce inquieta e tumultuosa seduce l'artista dominando nel sentimento.....><\/i><\/b><\/span><span class=\"fs18 ff2 cf0\"><br \/>\n<\/span><span class=\"fs28 ff1 cf0\"><i><br \/>\nAldo Angelini: Il Quotidiano, Napoli 28 gennaio 1964<\/i><\/span><span class=\"fs18 ff2 cf0\"><\/p>\n<p><\/span><span class=\"fs24 ff1 cf0\"><b><i><...Ecco un artista sincero, che pur avendo la sensibilit\u00e0 moderna opera nel segno della tradizione, con mezzi adeguati al sentimento di una pittura \u00e8 efficientemente sobria, d'intonazione calda e profonda, la pennellata fluisce, spontanea, nell'impeto immediato dove qua e l\u00e0 traduce il timbro di un rosso, un giallo, un verde che armonicamente si fonde nell'atmosfera poetica che si respira nei suoi paesaggi, nelle figure, i nudi, i fiori, nelle immagini varie, ci pare di ascoltare una musica remota dell'intimit\u00e0 poetica della visione, o della immaginazione delle cose che gli permette nelle sue tele d'accennare alla emozione cromatica, in un'unica tonalit\u00e0 riassuntiva....><\/i><\/b><\/span><span class=\"fs18 ff2 cf0\"><br \/>\n<\/span><span class=\"fs28 ff1 cf0\"><i><br \/>\nAlfredo Schettini: Corriere di Napoli, Napoli 30 gennaio 1964<\/i><\/span><span class=\"fs18 ff2 cf0\"><\/p>\n<p><\/span><span class=\"fs24 ff1 cf0\"><b><i><... Nelle sue opere si nota una pittura ben costruita disegnativamente, con una personale interpretazione tonale, cromaticamente pulita. Amadori e sul piano moderno perch\u00e9 ha una sensibilit\u00e0 moderna rivelante una certa ansia di moto e di spazio. La sua opera \u00e8 un discorso di larga portata, di controllata e intelligente misura...> <\/i><\/b><\/span><span class=\"fs18 ff2 cf0\"><br \/>\n<\/span><span class=\"fs28 ff1 cf0\"><i><br \/>\nA.F.: La Nazione, Livorno 25 gennaio 1964<\/i><\/span><span class=\"fs18 ff2 cf0\"><\/p>\n<p><\/span><span class=\"fs24 ff1 cf0\"><b><i><....Le figure, i paesaggi, le marine, le nature morte dell'Amadori tutte testimoniano una salda tempra di artista e mai un mero esercizio pittorico, hanno portato a Livorno una calda testimonianza del sentire attuale audace e nel contempo misurato, e di un'interpretazione tonale ricca di valori lirici ancorch\u00e9 tenua, con difficile governato gioco. Abile per non dire spavaldo disegnatore, sicuro ed esperto costruttore, gi\u00e0 al di sopra di ogni obbligo e tecnica, l'Amadori possiede il dono di una inesauribile vena, che la sua ricca sensibilit\u00e0 sa egregiamente sfruttare....><\/i><\/b><\/span><span class=\"fs18 ff2 cf0\"><br \/>\n<\/span><span class=\"fs28 ff1 cf0\"><i><br \/>\nLuigi Servolini: Il Telegrafo, Livorno 8 febbraio 1964<\/i><\/span><span class=\"fs18 ff2 cf0\"><\/p>\n<p><\/span><span class=\"fs24 ff1 cf0\"><b><i><...I suoi quadri meritano di essere guardate attentamente perch\u00e9 ci restituiscono una visione quasi perduta, dolce e chiara della natura, senza cadere nelle soluzioni di tipo accademico.... La sua pittura altro non rivela che la passione dell'artista immerso nella realt\u00e0-<wbr \/>natura vissuta nel respiro nella luce&#8230;><\/i><\/b><\/span><span class=\"fs18 ff2 cf0\"><br \/>\n<\/span><span class=\"fs28 ff1 cf0\"><i><br \/>\nAldo Borgonzoni: Dalla presentazione mostra di Milano, aprile 1964<\/i><\/span><span class=\"fs18 ff2 cf0\"><\/p>\n<p><\/span><\/p>\n<p><span class=\"ff1 cf0 fs24\"><b><i><... La pittura di Amadori riveste estremi legami con una tradizione pittorica italiana, in un rapporto continuo con la natura, con le cose, con le persone, caratterizzato da colori autunnali..... Una personalit\u00e0 da isolato che continua nel suo cammino senza lasciarsi distrarre da innovazioni o da pseudo innovazioni si sente in queste opere l'amore che Amadori sente per la pittura pura, la pittura in se stessa...><\/i><\/b><\/span><span class=\"fs18 ff2 cf0\"><br \/>\n<\/span><\/p>\n<p><span class=\"ff1 cf0 fs28\"><i><br \/>\nGiovanni Guadalupi: Corriere Lombardo, Milano 3 maggio 1964<\/i><\/span><span class=\"fs18 ff2 cf0\"><\/p>\n<p><\/span><span class=\"fs24 ff1 cf0\"><b><i><...l'intonazione cromatica si risolve in gamme cupe ed intense, la vena \u00e8 rapida, scorrevole, il segno racconta in modo istintivo ed urgente. Eugenio Amadori ha vissuto qualche tempo il sud Africa, partecipa assiduamente alla vita artistica italiana. Assai noto come caricaturista, soprattutto per quanto riguarda i personaggi del mondo musica...><\/i><\/b><\/span><span class=\"fs18 ff2 cf0\"><br \/>\n<\/span><span class=\"fs28 ff1 cf0\"><i><br \/>\nLuciano Bertacchini: L&#8217;Avvenire d&#8217;Italia, Bologna 11 settembre 1965<\/i><\/span><span class=\"fs18 ff2 cf0\"><\/p>\n<p><\/span><span class=\"fs24 ff1 cf0\"><b><i><...Traspare la costruzione che \u00e8 sempre solida e sicura, sia che abbracci una visione panoramica, un lembo di collina; sia che affronti i temi anatomici della figura ove, veramente, l'Amadori la fa da padrone per il tocco spigliato, largo di pennellate che rivelano una grande sicurezza dei mezzi espressivi ed una spiccata sensibilit\u00e0...><\/i><\/b><\/span><span class=\"fs18 ff2 cf0\"><br \/>\n<\/span><span class=\"fs28 ff1 cf0\"><i><br \/>\nGuido Ricciotti<\/i><\/span><span class=\"fs24 ff1 cf0\"><b> : <\/b><\/span><span class=\"fs28 ff1 cf0\"><i>L&#8217;Avvenire d&#8217;Italia, Rimini 15 settembre 1965<\/i><\/span><span class=\"fs18 ff2 cf0\"><\/p>\n<p><\/span><span class=\"fs24 ff1 cf0\"><b><i><...Il figurativo amadoriano sembra trasfigurarsi in un impressionismo che sa cogliere, oltre al movimento e all'assieme, un sentimento, un momento particolare, una voce intima delle cose e dei personaggi. Tale possibilit\u00e0 espressiva s'insinua lentamente nell'osservatore che alla gioia prima di ammirare perch\u00e9 il discorso \u00e8 piano, poi di scoprire i valori poetici artistici che il pittore profonde in ogni sua opera...><\/i><\/b><\/span><span class=\"fs18 ff2 cf0\"><br \/>\n<\/span><span class=\"fs28 ff1 cf0\"><i><br \/>\nD. Cavalli: Il Resto del Carlino, Rimini 22 settembre 1965<\/i><\/span><span class=\"fs18 ff2 cf0\"><\/p>\n<p><\/span><\/p>\n<p><span class=\"ff1 cf0 fs24\"><b><i><...Una pittura quella di Amadori, sorridente e maliziosa, rapida, festosa e leggera.\u2028Egli musicista e pittore, usa con la stessa perizia l'archetto e il pennello con i quali consegue un messaggio di libera espressione artistica, di coraggiosa affermazione di sentimenti, con un linguaggio tutto immediatezza e vibrante improvvisazione. La profonda suggestione, che esercitano i suoi ritratti, la dignit\u00e0 al pensiero dei personaggi in una loro verit\u00e0 equilibrata fra realt\u00e0 e idealit\u00e0, la bellezza intatta e pura percorsa da sottili vibrazioni emotive che la rendono viva \u00e8 naturale, non sono soltanto armoniosa misura di volti di forme, ma emanazioni del sentimento di un pittore che anima e d\u00e0 vita tutto ci\u00f2 che dipinge: senza il cuore non pu\u00f2 esistere arte perch\u00e9 l'arte \u00e8 espressione di sentimenti religiosi.<\/i><\/b><\/span><span class=\"fs18 ff2 cf0\"><br \/>\n<\/span><\/p>\n<p><span class=\"ff1 cf0 fs28\"><i><br \/>\nLeo Rubbioli: Gazzetta dell&#8217;Emilia, Modena 24 febbraio 1966<\/i><\/span><span class=\"fs18 ff2 cf0\"><\/p>\n<p><\/span><\/p>\n<p><span class=\"ff1 cf0 fs24\"><b><i><....La recente produzione di Amadori \u00e8 giocata, non senza abilit\u00e0 su una gamma prevalente di toni terrosi, come una composizione eseguita con un virtuosistico abbandono su una sola corda, che va accettata per l'intrinseca piacevolezza.... Da notare una spontaneit\u00e0 ed una sincerit\u00e0 sorgive. Amadori si colloca, con propriet\u00e0 e decoro, nel clima che ha permeato e tutt'ora sostiene una buona area di pittura bolognese....><\/i><\/b><\/span><i><span class=\"fs28 ff1 cf0\"><br \/>\n<\/span><\/i><\/p>\n<p><span class=\"ff1 cf0 fs28\"><i><br \/>\nEmilio Contini: Avanti, Bologna 13 maggio 1966<\/i><\/span><span class=\"fs18 ff2 cf0\"><\/p>\n<p><\/span><span class=\"fs24 ff1 cf0\"><b><i><....I tratti e i colori di Amadori sono la perfetta tonalit\u00e0 musicale di questo grande artista, il suo repertorio dolce ed intimistico lo rende perfetto padrone della sua tecnica, con idee chiare visive da rendere lo schermo panoramico della tela, chiaro, leggibile nella sua profonda sensibilit\u00e0: \u00e8 un artista dotato di spiritualit\u00e0 ed immaginazione....nel ritratto simboleggia gli umani sentimenti di tratti vivi e sinceri, di un ritrattista completo di estro e spirito....><\/i><\/b><\/span><span class=\"fs18 ff2 cf0\"><br \/>\n<\/span><span class=\"fs28 ff1 cf0\"><i><br \/>\nE.T.: Il Resto del Carlino, San Benedetto del Tronto, 28 novembre 1968<\/i><\/span><span class=\"fs18 ff2 cf0\"><\/p>\n<p><\/span><span class=\"fs24 ff1 cf0\"><b><i><....Il pittore Amadori pu\u00f2 liberamente sbrigliare la sua capacit\u00e0 creativa nel gioco magico dei pennelli che tessano con vigore sulla bianca tela un ordito di colori sorprendentemente armonizzati... E non manca certo ad Amadori la forza, la decisione di chi ha piena coscienza di ci\u00f2 che ha da dire e che vuol esprimere; forza e decisione che appaiono chiaramente in quelle pennellate nette, vigorose, che tracciano in modo rapido ma sapientemente costruttivo quanto egli ha gi\u00e0 maturato in s\u00e9 nel travaglio di uno studio meticoloso cui partecipano tutti i suoi sensi e le sue non comuni facolt\u00e0 intuitive...><\/i><\/b><\/span><span class=\"fs18 ff2 cf0\"><br \/>\n<\/span><span class=\"fs28 ff1 cf0\"><i><br \/>\nA. Vianelli: La Mercanzia, Bologna dicembre 1968<\/i><\/span><span class=\"fs18 ff2 cf0\"><\/p>\n<p><\/span><span class=\"fs24 ff1 cf0\"><b><i><...Attraverso una pittura intensa e profondamente aderente ai temi del ricordo e dell'intimit\u00e0, l'immagine materna, dolce e severa ad un tempo, riviva una propria presenza fatta di gioie dolori, di momenti sereni e di serene meditazioni. Nella tenue luce di colori caldi e profondi, storia e ricordi di lunghi anni di vita quietamente vissuta, trovano una nuova ed intensa espressione. Amadori, professore d'orchestra al Teatro Comunale, passione che il suo inesauribile estro divide con quello della pittura ha eseguito, in questo reverente ricordo, il proprio \"A SOLO\" pi\u00f9 significativo...><\/i><\/b><\/span><span class=\"fs18 ff2 cf0\"><br \/>\n<\/span><span class=\"fs28 ff1 cf0\"><i><br \/>\nA. Rovinetti: Le Due Torri, Bologna dicembre 1969<\/i><\/span><span class=\"fs18 ff2 cf0\"><\/p>\n<p><\/span><span class=\"fs24 ff1 cf0\"><b><i><...Siamo particolarmente rimasti colpiti dalla serie delle\" nevicate\" per l'atmosfera che sanno creare e per quella sensazione di silenzio di pace, di serenit\u00e0 sommessa che riescono a dare.... E simili risultati si raggiungono solo se si ha una spiccata sensibilit\u00e0 artistica ed una maturata conoscenza dell'arte pittorica....><\/i><\/b><\/span><span class=\"fs18 ff2 cf0\"><br \/>\n<\/span><span class=\"fs28 ff1 cf0\"><i><br \/>\nA. Lombini: L&#8217;Arco, Benevento marzo 1970<\/i><\/span><span class=\"fs18 ff2 cf0\"><\/p>\n<p><\/span><\/p>\n<p><span class=\"ff1 cf0 fs24\"><b><i><...Curiosamente Amadori porta avanti una ricerca di variazioni sul tema di accostamenti di sintesi, nel solco di un gusto postimpressionista, con un marcato senso dell'intimismo. E qui, forse, prevale il suo animo di musicista, entrano in scena i suoi gusti di cultore di un'arte eterea, lontana dalla concretezza e dalla manualit\u00e0 che tanto invece pesano sulla pittura... Casi di pittori musicisti, del resto, non mancano dagli illustri esempi di un Salvator Rosa ad un Ernesto T.H. Hoffman, ad un Savinio per venire ai tempi nostri, \u00e8 nel suo ambito, Eugenio Amadori convalida una casistica singolare, con una dedizione professionale coerente...><\/i><\/b><\/span><span class=\"fs18 ff2 cf0\"><br \/>\n<\/span><\/p>\n<p><span class=\"ff1 cf0 fs28\"><i><br \/>\nE.Contini: Dalla presentazione sul catalogo per la Mostra Galleria &#8220;San Carlo&#8221; di Napoli, Bologna febbraio 1973<\/i><\/span><span class=\"fs18 ff2 cf0\"><\/p>\n<p><\/span><\/p>\n<p><span class=\"ff1 cf0 fs24\"><b><i><...La parte che ci rivela un Amadori del tutto \" inedito\", \u00e8 il periodo delle nevicate. Un chiarismo lirico dove la rarefazione della tavolozza agisce su una dimensione irreale. Orizzonti abbacinati la cui atmosfera non resta in una visione realistica nella sua identit\u00e0 visiva; ma diventa una ricerca tra spazio-<wbr \/>segno, un punto d&#8217;indagine tra valore ed immaginazione, non privo di uno slancio poetico i cui valori non possono sfuggire ad un reale recupero della &#8220;dimensione uomo&#8221; proiettando verso l&#8217;ecocidio del terzo millennio&#8230;><\/i><\/b><\/span><span class=\"fs18 ff2 cf0\"><br \/>\n<\/span><\/p>\n<p><span class=\"ff1 cf0 fs28\"><i><br \/>\nS. Di Bartolomeo: Napoli Notte, Napoli 21-<wbr \/>22 marzo 1973<\/i><\/span><span class=\"fs18 ff2 cf0\"><\/p>\n<p><\/span><span class=\"fs24 ff1 cf0\"><b><i><... Da lungo tempo affermato ritrattista, seriamente impegnato, tenta oggi con bagliori, colato, ombre e luci, un tipo di composizione che va verso l'astratto in certe nature morte con violino che suscitano, pi\u00f9 della sua restante produzione, solidamente affermata, l'attenzione del critico...><\/i><\/b><\/span><span class=\"fs18 ff2 cf0\"><br \/>\n<\/span><span class=\"fs28 ff1 cf0\"><i><br \/>\nA. Grazia: L&#8217;Unit\u00e0, 25 gennaio 1974<\/i><\/span><span class=\"fs18 ff2 cf0\"><\/p>\n<p><\/span><\/p>\n<p><span class=\"ff1 cf0 fs24\"><b><i><...Eugenio Amadori \u00e8 un violinista della nostra orchestra e la sua mostra, come le tante che ha fatto, sta a significare della sua grande capacit\u00e0 espressiva, non solo attraverso il linguaggio musicale, ma anche attraverso il disegno di colore. Noi abbiamo voluto dimostrare ( forse prima di tutto a noi stessi e quindi agli altri ) la giustezza di una grande battaglia, tesa all'acquisizione della costruzione di centri culturali polidisciplinari, dove le arti possono assieme completarsi e completare la coscienza del cittadino...><\/i><\/b><\/span><span class=\"fs18 ff2 cf0\"><br \/>\n<\/span><\/p>\n<p><span class=\"ff1 cf0 fs28\"><i><br \/>\nC.M. Badini: Dalla presentazione sul catalogo per la mostra al teatro comunale di Bologna, Bologna gennaio 1974<\/i><\/span><span class=\"fs18 ff2 cf0\"><\/p>\n<p><\/span><\/p>\n<p><span class=\"ff1 cf0 fs24\"><b><i><...Poi, quasi in rossiniano crescendo, le esplosioni cromatiche delle ultime \"composizioni con violino\": opere immediate, di primo getto, fresche e significanti; frutto di una meditata preparazione compositiva e tonale e di maturit\u00e0 tecnica. Opere che pare chiudono un affascinante trilogia pittorico-<wbr \/>musicale; anelito di pace di silenzio, amorosa dolcezza, vitalit\u00e0 accesa. Bellini, Puccini e Rossini trasferiti dallo spartito alla tela con la bacchetta di un direttore e concertatore che sa il fatto suo e che cerca nella poesia il suo primo motivo ispiratore&#8230;><\/i><\/b><\/span><span class=\"fs18 ff2 cf0\"><br \/>\n<\/span><\/p>\n<p><span class=\"ff1 cf0 fs28\"><i><br \/>\nAchille Lombini: L&#8217;arco, Bologna febbraio 1974<\/i><\/span><span class=\"fs18 ff2 cf0\"><\/p>\n<p><\/span><span class=\"fs24 ff1 cf0\"><b><i><....Al teatro comunale per la prima volta ( e sar\u00e0 forse l'ultima ) \u00e8 stata aperta una mostra al pittore Eugenio Amadori. Durante la sua carriera artistica, Eugenio Amadori ha ritratto i pi\u00f9 grandi personaggi del teatro lirico e sinfonico che si sono succeduti sul palcoscenico o sul podio dell'orchestra ed a questi personaggi \u00e8 stata dedicata una parte della mostra, il pittore comunque si \u00e8 mostrato come in un'antologica dove le ultime opere rivestano senz'altro grande importanza per la forza interpretativa...><\/i><\/b><\/span><span class=\"fs18 ff2 cf0\"><br \/>\n<\/span><span class=\"fs28 ff1 cf0\"><i><br \/>\nM. Donini: Eco D&#8217;arte, Firenze febbraio-<wbr \/>marzo 1974<\/i><\/span><span class=\"fs18 ff2 cf0\"><\/p>\n<p><\/span><\/p>\n<\/div>\n<\/div>\n<\/div>\n<\/div>\n<div class=\"imClear\"><\/div>\n<\/div>\n<\/div>\n<div id=\"imFooterBg\">\n<div id=\"imFooter\"><\/div>\n<\/div>\n<\/div><\/section>\n","protected":false},"excerpt":{"rendered":"","protected":false},"author":1,"featured_media":0,"parent":0,"menu_order":0,"comment_status":"closed","ping_status":"closed","template":"","meta":{"footnotes":""},"yoast_head":"<!-- This site is optimized with the Yoast SEO plugin v22.6 - https:\/\/yoast.com\/wordpress\/plugins\/seo\/ -->\r\n<title>Rassegna Stampa - Eugenio Amadori<\/title>\r\n<meta name=\"description\" content=\"Eugenio Amadori Rassegna Stampa\" \/>\r\n<meta name=\"robots\" content=\"index, follow, max-snippet:-1, max-image-preview:large, max-video-preview:-1\" \/>\r\n<link rel=\"canonical\" href=\"http:\/\/www.eugenioamadori.it\/index.php\/rassegna-stampa\/\" \/>\r\n<meta property=\"og:locale\" content=\"it_IT\" \/>\r\n<meta property=\"og:type\" content=\"article\" \/>\r\n<meta property=\"og:title\" content=\"Rassegna Stampa - Eugenio Amadori\" \/>\r\n<meta property=\"og:description\" content=\"Eugenio Amadori Rassegna Stampa\" \/>\r\n<meta property=\"og:url\" content=\"http:\/\/www.eugenioamadori.it\/index.php\/rassegna-stampa\/\" \/>\r\n<meta property=\"og:site_name\" content=\"Eugenio Amadori\" \/>\r\n<meta property=\"article:modified_time\" content=\"2021-11-17T15:19:58+00:00\" \/>\r\n<meta name=\"twitter:card\" content=\"summary_large_image\" \/>\r\n<meta name=\"twitter:label1\" content=\"Tempo di lettura stimato\" \/>\n\t<meta name=\"twitter:data1\" content=\"4 minuti\" \/>\r\n<script type=\"application\/ld+json\" class=\"yoast-schema-graph\">{\"@context\":\"https:\/\/schema.org\",\"@graph\":[{\"@type\":\"WebPage\",\"@id\":\"http:\/\/www.eugenioamadori.it\/index.php\/rassegna-stampa\/\",\"url\":\"http:\/\/www.eugenioamadori.it\/index.php\/rassegna-stampa\/\",\"name\":\"Rassegna Stampa - Eugenio Amadori\",\"isPartOf\":{\"@id\":\"https:\/\/www.eugenioamadori.it\/#website\"},\"datePublished\":\"2017-03-08T13:45:41+00:00\",\"dateModified\":\"2021-11-17T15:19:58+00:00\",\"description\":\"Eugenio Amadori Rassegna Stampa\",\"breadcrumb\":{\"@id\":\"http:\/\/www.eugenioamadori.it\/index.php\/rassegna-stampa\/#breadcrumb\"},\"inLanguage\":\"it-IT\",\"potentialAction\":[{\"@type\":\"ReadAction\",\"target\":[\"http:\/\/www.eugenioamadori.it\/index.php\/rassegna-stampa\/\"]}]},{\"@type\":\"BreadcrumbList\",\"@id\":\"http:\/\/www.eugenioamadori.it\/index.php\/rassegna-stampa\/#breadcrumb\",\"itemListElement\":[{\"@type\":\"ListItem\",\"position\":1,\"name\":\"Home\",\"item\":\"https:\/\/www.eugenioamadori.it\/\"},{\"@type\":\"ListItem\",\"position\":2,\"name\":\"Rassegna Stampa\"}]},{\"@type\":\"WebSite\",\"@id\":\"https:\/\/www.eugenioamadori.it\/#website\",\"url\":\"https:\/\/www.eugenioamadori.it\/\",\"name\":\"Eugenio Amadori\",\"description\":\"E\u2019 nato a Martorano di Cesena nel 1921,  a soli 16 si aggiudic\u00f2 il 1\u00b0 premio ad un concorso di pittura che si tenne nelle sale del Palazzo Ghini a Cesena. Amadori aveva anche un\u2019ardente passione per il violino, cos\u00ec si iscrisse prima all\u2019istuto \u201d A. Corelli \u201d di Cesena, poi frequent\u00f2 il Conservatorio di musica \u201d G.Rossini \u201d di Pesaro. Nel 1942 fu coinvolto dalla guerra e terminato il conflitto si iscrisse al conservatorio di musica \u201d G.B. Martini \u201cdi Bologna.\",\"publisher\":{\"@id\":\"https:\/\/www.eugenioamadori.it\/#organization\"},\"potentialAction\":[{\"@type\":\"SearchAction\",\"target\":{\"@type\":\"EntryPoint\",\"urlTemplate\":\"https:\/\/www.eugenioamadori.it\/?s={search_term_string}\"},\"query-input\":\"required name=search_term_string\"}],\"inLanguage\":\"it-IT\"},{\"@type\":\"Organization\",\"@id\":\"https:\/\/www.eugenioamadori.it\/#organization\",\"name\":\"Eugenio Amadori\",\"url\":\"https:\/\/www.eugenioamadori.it\/\",\"logo\":{\"@type\":\"ImageObject\",\"inLanguage\":\"it-IT\",\"@id\":\"https:\/\/www.eugenioamadori.it\/#\/schema\/logo\/image\/\",\"url\":\"http:\/\/www.eugenioamadori.it\/wp-content\/uploads\/2021\/11\/2-1.png\",\"contentUrl\":\"http:\/\/www.eugenioamadori.it\/wp-content\/uploads\/2021\/11\/2-1.png\",\"width\":591,\"height\":180,\"caption\":\"Eugenio Amadori\"},\"image\":{\"@id\":\"https:\/\/www.eugenioamadori.it\/#\/schema\/logo\/image\/\"}}]}<\/script>\r\n<!-- \/ Yoast SEO plugin. -->","yoast_head_json":{"title":"Rassegna Stampa - Eugenio Amadori","description":"Eugenio Amadori Rassegna Stampa","robots":{"index":"index","follow":"follow","max-snippet":"max-snippet:-1","max-image-preview":"max-image-preview:large","max-video-preview":"max-video-preview:-1"},"canonical":"http:\/\/www.eugenioamadori.it\/index.php\/rassegna-stampa\/","og_locale":"it_IT","og_type":"article","og_title":"Rassegna Stampa - Eugenio Amadori","og_description":"Eugenio Amadori Rassegna Stampa","og_url":"http:\/\/www.eugenioamadori.it\/index.php\/rassegna-stampa\/","og_site_name":"Eugenio Amadori","article_modified_time":"2021-11-17T15:19:58+00:00","twitter_card":"summary_large_image","twitter_misc":{"Tempo di lettura stimato":"4 minuti"},"schema":{"@context":"https:\/\/schema.org","@graph":[{"@type":"WebPage","@id":"http:\/\/www.eugenioamadori.it\/index.php\/rassegna-stampa\/","url":"http:\/\/www.eugenioamadori.it\/index.php\/rassegna-stampa\/","name":"Rassegna Stampa - Eugenio Amadori","isPartOf":{"@id":"https:\/\/www.eugenioamadori.it\/#website"},"datePublished":"2017-03-08T13:45:41+00:00","dateModified":"2021-11-17T15:19:58+00:00","description":"Eugenio Amadori Rassegna Stampa","breadcrumb":{"@id":"http:\/\/www.eugenioamadori.it\/index.php\/rassegna-stampa\/#breadcrumb"},"inLanguage":"it-IT","potentialAction":[{"@type":"ReadAction","target":["http:\/\/www.eugenioamadori.it\/index.php\/rassegna-stampa\/"]}]},{"@type":"BreadcrumbList","@id":"http:\/\/www.eugenioamadori.it\/index.php\/rassegna-stampa\/#breadcrumb","itemListElement":[{"@type":"ListItem","position":1,"name":"Home","item":"https:\/\/www.eugenioamadori.it\/"},{"@type":"ListItem","position":2,"name":"Rassegna Stampa"}]},{"@type":"WebSite","@id":"https:\/\/www.eugenioamadori.it\/#website","url":"https:\/\/www.eugenioamadori.it\/","name":"Eugenio Amadori","description":"E\u2019 nato a Martorano di Cesena nel 1921,  a soli 16 si aggiudic\u00f2 il 1\u00b0 premio ad un concorso di pittura che si tenne nelle sale del Palazzo Ghini a Cesena. Amadori aveva anche un\u2019ardente passione per il violino, cos\u00ec si iscrisse prima all\u2019istuto \u201d A. Corelli \u201d di Cesena, poi frequent\u00f2 il Conservatorio di musica \u201d G.Rossini \u201d di Pesaro. Nel 1942 fu coinvolto dalla guerra e terminato il conflitto si iscrisse al conservatorio di musica \u201d G.B. Martini \u201cdi Bologna.","publisher":{"@id":"https:\/\/www.eugenioamadori.it\/#organization"},"potentialAction":[{"@type":"SearchAction","target":{"@type":"EntryPoint","urlTemplate":"https:\/\/www.eugenioamadori.it\/?s={search_term_string}"},"query-input":"required name=search_term_string"}],"inLanguage":"it-IT"},{"@type":"Organization","@id":"https:\/\/www.eugenioamadori.it\/#organization","name":"Eugenio Amadori","url":"https:\/\/www.eugenioamadori.it\/","logo":{"@type":"ImageObject","inLanguage":"it-IT","@id":"https:\/\/www.eugenioamadori.it\/#\/schema\/logo\/image\/","url":"http:\/\/www.eugenioamadori.it\/wp-content\/uploads\/2021\/11\/2-1.png","contentUrl":"http:\/\/www.eugenioamadori.it\/wp-content\/uploads\/2021\/11\/2-1.png","width":591,"height":180,"caption":"Eugenio Amadori"},"image":{"@id":"https:\/\/www.eugenioamadori.it\/#\/schema\/logo\/image\/"}}]}},"_links":{"self":[{"href":"https:\/\/www.eugenioamadori.it\/index.php\/wp-json\/wp\/v2\/pages\/2009"}],"collection":[{"href":"https:\/\/www.eugenioamadori.it\/index.php\/wp-json\/wp\/v2\/pages"}],"about":[{"href":"https:\/\/www.eugenioamadori.it\/index.php\/wp-json\/wp\/v2\/types\/page"}],"author":[{"embeddable":true,"href":"https:\/\/www.eugenioamadori.it\/index.php\/wp-json\/wp\/v2\/users\/1"}],"replies":[{"embeddable":true,"href":"https:\/\/www.eugenioamadori.it\/index.php\/wp-json\/wp\/v2\/comments?post=2009"}],"version-history":[{"count":8,"href":"https:\/\/www.eugenioamadori.it\/index.php\/wp-json\/wp\/v2\/pages\/2009\/revisions"}],"predecessor-version":[{"id":3350,"href":"https:\/\/www.eugenioamadori.it\/index.php\/wp-json\/wp\/v2\/pages\/2009\/revisions\/3350"}],"wp:attachment":[{"href":"https:\/\/www.eugenioamadori.it\/index.php\/wp-json\/wp\/v2\/media?parent=2009"}],"curies":[{"name":"wp","href":"https:\/\/api.w.org\/{rel}","templated":true}]}}